{"id":328,"date":"2013-10-08T14:56:11","date_gmt":"2013-10-08T12:56:11","guid":{"rendered":"http:\/\/www.simonis.co.at\/wordpress\/?page_id=328"},"modified":"2020-10-19T16:51:04","modified_gmt":"2020-10-19T14:51:04","slug":"woche-1","status":"publish","type":"page","link":"https:\/\/www.simonis.co.at\/wordpress\/unsere-reisen\/auf-und-davon\/woche-1\/","title":{"rendered":"S\u00fcdfrankreich Woche 1"},"content":{"rendered":"<p>Unsere ganze Reise war ein aufregendes Erlebnis. Die erste Woche war sehr spannend. Am Freitag morgen ging es los, Richtung S\u00fcdfrankreich, mit kleinen Zwischenstops.<\/p>\n<p>Neben allen neuen Eindr\u00fccken, mussten wir in den&nbsp;ersten&nbsp; Tagen&nbsp;mit&nbsp;Schnecki vertraut werden. Das WoMo ist doch h\u00f6her und breiter als man denkt, ja da muss man wirklich vorausdenken &#8211; Passen wir da durch? Ist das hoch genug und vor allem &#8230; breit genug? Dann entdeckten wir sehr ger\u00e4uschvoll &#8211; &nbsp;hoppla, die Fahrerkabine ist ja schm\u00e4ler als der Wohnteil &#8211; da hei\u00dft es umdenken!<\/p>\n<p>F\u00fcr den Innenbereich lernten wir: Wie viel Frischwasser sollen wir einf\u00fcllen? Wann ist der Abwassertank voll? F\u00fcr diese Informationen gibt es&nbsp;ein ganz tolles Display,&nbsp;wo man den aktuellen Status kinderleicht ablesen kann, nur&nbsp;f\u00fcr das WC gibt es das nicht.&nbsp; Das ist wirklich nicht angenehm,&nbsp;wenn du&nbsp;mitten in der Nacht&nbsp;pinkeln willst und pl\u00f6tzlich &#8230;<\/p>\n<p>Wenn das&nbsp;rote Licht angeht,<br \/>\nwei\u00dft du, dass du <em>nicht<\/em> richtig stehst.<br \/>\nDenn es verr\u00e4t dir:<br \/>\nNEE, NEE<br \/>\nVOLL ist das WC!<\/p>\n<p>&#8230; also rechtzeitig kalkulieren! Innerhalb von drei Tagen bzw. N\u00e4chten hatten wir den Dreh raus: Gleich beim Einchecken am Campingplatz sich erkundigen wo&nbsp;sich Abwasserkanal, ChemieWC Entsorgung&nbsp;und Wasserhahn befinden. Vor der Abfahrt wird Wasser gelassen und neu eingef\u00fcllt, und der WC Status gecheckt. Das ist ziemlich gefinkelt, weil&nbsp;es wie bereits beschrieben, keine Vorwarnung gibt.&nbsp;Wenn&#8217;s leuchtet&nbsp;ist der F\u00e4kalientank voll und es ist keineswegs ratsam, diese Information zu ignorieren. Besser, den Deckel heben und absch\u00e4tzen wieviel &#8222;geht da noch rein&#8220;.<\/p>\n<p><strong><em>Freitag, 6. September 2013: Wien &#8211; Innsbruck, 502km<\/em><\/strong><\/p>\n<h4>INNSBRUCK &#8211;&nbsp;Es geht los!<\/h4>\n<p>Am&nbsp;Donnerstag&nbsp;haben wir das WoMo&nbsp;beladen. Ich h\u00e4tte nicht gedacht, dass das so lange dauern w\u00fcrde, aber wir brauchten wirklich den ganzen Tag dazu.&nbsp;Aber am Freitag war es dann endlich soweit &#8211;&nbsp;um 6:00 Tagwache, immerhin&nbsp;galt es: die Fahrr\u00e4der&nbsp;auf dem Tr\u00e4ger zu montieren, inklusive Ladegutwarntafel (die braucht man f\u00fcr Italien)&nbsp;&#8211; Egberts Job; die letzte (noch ein bisschen feuchte)&nbsp;W\u00e4sche zu b\u00fcgeln und im WoMo verstauen&nbsp;&#8211; mein Job;&nbsp;den Inhalt vom K\u00fchlschrank in den WoMo K\u00fchlschrank&nbsp;zu transferieren &#8211; wiederum mein Job; Breitenfurt dicht machen &#8211; Egberts Job.<\/p>\n<p>Um 11:00 waren wir endlich startklar und los ging es Richtung Innsbruck. Wir waren erstaunlich flott unterwegs, was so ein Turbo Diesel alles kann! Was mich ganz besonders verwundert, es sind ur-viele WoMos unterwegs, also &#8211; unser Schnecki hat viele Spielgef\u00e4hrten auf der Autobahn.<\/p>\n<p>Ja, ich denke Schnecki passt, wir schleppen unser H\u00e4uschen (das ist vielleicht etwas \u00fcbertrieben, Egbert nennt es lieber Garconniere) \u00fcberall hin mit und die aller schnellsten sind wir nun auch nicht, obwohl LKWs kann man schon \u00fcberholen!<\/p>\n<div style=\"text-align: left;\">\n<dl id=\"attachment_79\">\n<dt><a href=\"https:\/\/www.simonis.co.at\/wordpress\/wp-content\/uploads\/DSCF4643.jpg\"><img loading=\"lazy\" decoding=\"async\" src=\"https:\/\/www.simonis.co.at\/wordpress\/wp-content\/uploads\/DSCF4643-300x169.jpg\" alt=\"Der Kapit\u00e4n\" width=\"300\" height=\"169\"\/><\/a><\/dt>\n<dd><em>Der Kapit\u00e4n an seinem Arbeitsplatz<\/em><\/dd>\n<\/dl>\n<\/div>\n<p>In Kufstein haben wir kurz gehalten, was gar nicht so einfach war. Endlich entdeckten wir einen Schr\u00e4gparkplatz, na nichts wie hinein! Nur, die Gasse war so schmal, dass das nachfolgende Auto&nbsp;nicht vorbeifahren konnte, wir ragten zu weit in die Fahrbahn, also nichts wie wieder heraus aus der Parkl\u00fccke und eine andere gesucht. Was uns dann auch, siehe Foto gl\u00fcckte.<\/p>\n<p><a href=\"https:\/\/www.simonis.co.at\/wordpress\/wp-content\/uploads\/DSCF4648.jpg\"><img loading=\"lazy\" decoding=\"async\" class=\"alignnone size-medium wp-image-741\" src=\"https:\/\/www.simonis.co.at\/wordpress\/wp-content\/uploads\/DSCF4648-300x169.jpg\" alt=\"DSCF4648\" width=\"300\" height=\"169\" srcset=\"https:\/\/www.simonis.co.at\/wordpress\/wp-content\/uploads\/DSCF4648-300x169.jpg 300w, https:\/\/www.simonis.co.at\/wordpress\/wp-content\/uploads\/DSCF4648.jpg 1024w\" sizes=\"auto, (max-width: 300px) 100vw, 300px\" \/><\/a><\/p>\n<p>Nach einer angenehmen Kaffeepause direkt unter der Festung Kufstein ging es weiter.<\/p>\n<div>\n<dl id=\"attachment_83\">\n<dt><a href=\"https:\/\/www.simonis.co.at\/wordpress\/wp-content\/uploads\/DSCF4650.jpg\"><img loading=\"lazy\" decoding=\"async\" class=\"alignnone size-medium wp-image-742\" src=\"https:\/\/www.simonis.co.at\/wordpress\/wp-content\/uploads\/DSCF4650-300x169.jpg\" alt=\"DSCF4650\" width=\"300\" height=\"169\" srcset=\"https:\/\/www.simonis.co.at\/wordpress\/wp-content\/uploads\/DSCF4650-300x169.jpg 300w, https:\/\/www.simonis.co.at\/wordpress\/wp-content\/uploads\/DSCF4650.jpg 1024w\" sizes=\"auto, (max-width: 300px) 100vw, 300px\" \/><\/a><\/dt>\n<dd><em>Festung Kufstein<\/em><\/dd>\n<\/dl>\n<\/div>\n<p>In Innsbruck auf dem Camping Platz eingecheckt, schnell Schwammerlsosse gekocht, das erste Essen im WoMo genossen und Egbert musste zum Fu\u00dfballmatch Schauen (2m Bildschirm im Restaurant vom Campingplatz) Deutschland gegen \u00d6sterreich, w\u00e4hrend ich geruhsam das Geschirr wusch, Schnecki fotografierte und den Blogg verfasste.<\/p>\n<div>\n<dl id=\"attachment_85\">\n<dt><a href=\"https:\/\/www.simonis.co.at\/wordpress\/wp-content\/uploads\/DSCF4655.jpg\"><img loading=\"lazy\" decoding=\"async\" src=\"https:\/\/www.simonis.co.at\/wordpress\/wp-content\/uploads\/DSCF4655-300x168.jpg\" alt=\"Im Hintergrund das Geschirr\" width=\"300\" height=\"168\"\/><\/a><\/dt>\n<dd><em>Im Hintergrund das Geschirr &#8230;<\/em><\/dd>\n<\/dl>\n<\/div>\n<div>\n<dl id=\"attachment_84\">\n<dt><a href=\"https:\/\/www.simonis.co.at\/wordpress\/wp-content\/uploads\/DSCF4654.jpg\"><img loading=\"lazy\" decoding=\"async\" src=\"https:\/\/www.simonis.co.at\/wordpress\/wp-content\/uploads\/DSCF4654-300x169.jpg\" alt=\"Im Vordergrund der Laptop mit Blogg\" width=\"300\" height=\"169\"\/><\/a><\/dt>\n<dd><em>&#8230; im Vordergrund der Laptop mit Blogg<\/em><\/dd>\n<\/dl>\n<\/div>\n<p>Morgen geht es zuerst nach Schloss Ambras und danach Richtung Gardasee, bis dann; Gute Nacht!<\/p>\n<h3><em><strong>Sonntag, 8. September 2013:&nbsp;Innsbruck &#8211;&nbsp;HinUndHerUndDochWiederZur\u00fcck &#8211; Gardasee, 330km<\/strong><\/em><\/h3>\n<h4>AM GARDASEE<\/h4>\n<p>Unsere erste Nacht im Schnecki verlief problemlos. Jeder hatte Platz genug und die Matratzen sind auch recht bequem. Am Abend vorher erkl\u00e4rte ich, dass&nbsp;die Dusche im Camping Platz Waschraum ben\u00fctzen w\u00fcrde, weil mir das im WoMo doch nicht so geheuer ist.<\/p>\n<p>Naja, am Morgen war es recht frisch. Man merkte halt, dass mittlerweile nicht mehr Sommer ist und man&nbsp;sich noch dazu&nbsp;in den Tiroler Bergen befindet. Mein Enthusiasmus bez\u00fcglich Dusche im Waschraum sank auf ZERO. Nachdem wir die Warmwasserheizung auf 60\u00b0 gedreht hatten, schritt Egbert zur Tat: Duschvorhang rundherum gezogen (ist \u00fcber 2m lang) &#8211; Dusche aufgedreht und &#8230; es klappte wunderbar und f\u00fcr mich war auch noch genug Warmwasser da! Herrlich!!!&nbsp;Durch die Deckenluke zieht die Feuchtigkeit rasch ab, die Duschtasse (gleichzeitig auch Badezimmerboden) ist schnell trockengewischt. Also Camping Platz Waschr\u00e4ume sind eigentlich nur f\u00fcr&nbsp;&#8222;affaires en gros&#8220; gut und so blieb es die ganze Reise. Wie ich unser WoMo Badezimmer liebe!<\/p>\n<p>Was fehlt ist ein Schieber um den gro\u00dfen Spiegel vom Dunst zu befreien, aber beim n\u00e4chsten Supermarkt Stop werden wir so etwas organisieren.<\/p>\n<p><a href=\"https:\/\/www.simonis.co.at\/wordpress\/wp-content\/uploads\/DSCF5082.jpg\"><img loading=\"lazy\" decoding=\"async\" class=\"alignnone size-medium wp-image-422\" src=\"https:\/\/www.simonis.co.at\/wordpress\/wp-content\/uploads\/DSCF5082-300x168.jpg\" alt=\"DSCF5082\" width=\"300\" height=\"168\" srcset=\"https:\/\/www.simonis.co.at\/wordpress\/wp-content\/uploads\/DSCF5082-300x168.jpg 300w, https:\/\/www.simonis.co.at\/wordpress\/wp-content\/uploads\/DSCF5082.jpg 1024w\" sizes=\"auto, (max-width: 300px) 100vw, 300px\" \/><\/a><br \/>\n<em>Das Fr\u00fchst\u00fcck verlegten wir nach Indoor, wie gesagt, es war ein bisserl frisch.<\/em><\/p>\n<p>Dann machten wir uns auf den Weg nach Schloss Ambras. Das Schloss hat eine sch\u00f6ne Sammlung an R\u00fcstungen und eine Kunst- und Wunderkammer mit allerlei interessanten Exponaten.<\/p>\n<p><a href=\"https:\/\/www.simonis.co.at\/wordpress\/wp-content\/uploads\/DSCF4659.jpg\"><img loading=\"lazy\" decoding=\"async\" class=\"alignnone size-medium wp-image-747\" src=\"https:\/\/www.simonis.co.at\/wordpress\/wp-content\/uploads\/DSCF4659-300x169.jpg\" alt=\"DSCF4659\" width=\"300\" height=\"169\" srcset=\"https:\/\/www.simonis.co.at\/wordpress\/wp-content\/uploads\/DSCF4659-300x169.jpg 300w, https:\/\/www.simonis.co.at\/wordpress\/wp-content\/uploads\/DSCF4659.jpg 1024w\" sizes=\"auto, (max-width: 300px) 100vw, 300px\" \/><\/a>&nbsp;&nbsp;<a href=\"https:\/\/www.simonis.co.at\/wordpress\/wp-content\/uploads\/DSCF4684.jpg\"><img loading=\"lazy\" decoding=\"async\" class=\"alignnone size-medium wp-image-753\" src=\"https:\/\/www.simonis.co.at\/wordpress\/wp-content\/uploads\/DSCF4684-300x168.jpg\" alt=\"DSCF4684\" width=\"300\" height=\"168\" srcset=\"https:\/\/www.simonis.co.at\/wordpress\/wp-content\/uploads\/DSCF4684-300x168.jpg 300w, https:\/\/www.simonis.co.at\/wordpress\/wp-content\/uploads\/DSCF4684.jpg 1024w\" sizes=\"auto, (max-width: 300px) 100vw, 300px\" \/><br \/>\n<\/a><em>Schlo\u00df Ambras und der Festsaal, wo oft Konzerte stattfinden<\/em><\/p>\n<p>Fresken des Festsaals sind ebenfalls beeindruckend. Am besten macht ihr euch selbst ein Bild davon.<\/p>\n<p><a href=\"https:\/\/www.simonis.co.at\/wordpress\/wp-content\/uploads\/DSCF4671.jpg\"><img loading=\"lazy\" decoding=\"async\" src=\"https:\/\/www.simonis.co.at\/wordpress\/wp-content\/uploads\/DSCF4671-300x168.jpg\" alt=\"Die R\u00fcstkammer\" width=\"300\" height=\"168\"\/><\/a>&nbsp; &nbsp;<a href=\"https:\/\/www.simonis.co.at\/wordpress\/wp-content\/uploads\/DSCF4660.jpg\"><img loading=\"lazy\" decoding=\"async\" class=\"alignnone size-medium wp-image-748\" src=\"https:\/\/www.simonis.co.at\/wordpress\/wp-content\/uploads\/DSCF4660-300x168.jpg\" alt=\"DSCF4660\" width=\"300\" height=\"168\" srcset=\"https:\/\/www.simonis.co.at\/wordpress\/wp-content\/uploads\/DSCF4660-300x168.jpg 300w, https:\/\/www.simonis.co.at\/wordpress\/wp-content\/uploads\/DSCF4660.jpg 1024w\" sizes=\"auto, (max-width: 300px) 100vw, 300px\" \/><\/a><br \/>\n<em>Die R\u00fcstkammer, die R\u00fcstung in der Mitte geh\u00f6rte einem Junker im 16.Jh, der 2,60m gro\u00df war. Das war damals noch viel gigantischer als heute, bei einer durchschnittlichen K\u00f6rpergr\u00f6\u00dfe von 1,60.<\/em><\/p>\n<div>\n<dl id=\"attachment_117\">\n<dt><a href=\"https:\/\/www.simonis.co.at\/wordpress\/wp-content\/uploads\/DSCF4682.jpg\"><img loading=\"lazy\" decoding=\"async\" src=\"https:\/\/www.simonis.co.at\/wordpress\/wp-content\/uploads\/DSCF4682-300x168.jpg\" alt=\"Egbert von Kaisern umgeben\" width=\"300\" height=\"168\"\/><\/a><br \/>\n<em>Egbert in kaiserlicher Gesellschaft (ganz rechts Kaiser Karl V., der Vater von Maria Theresia)<\/em><\/dt>\n<\/dl>\n<\/div>\n<p><a href=\"https:\/\/www.simonis.co.at\/wordpress\/wp-content\/uploads\/DSCF4691.jpg\"><img loading=\"lazy\" decoding=\"async\" class=\"alignnone size-medium wp-image-755\" src=\"https:\/\/www.simonis.co.at\/wordpress\/wp-content\/uploads\/DSCF4691-300x169.jpg\" alt=\"DSCF4691\" width=\"300\" height=\"169\" srcset=\"https:\/\/www.simonis.co.at\/wordpress\/wp-content\/uploads\/DSCF4691-300x169.jpg 300w, https:\/\/www.simonis.co.at\/wordpress\/wp-content\/uploads\/DSCF4691.jpg 1024w\" sizes=\"auto, (max-width: 300px) 100vw, 300px\" \/><\/a><br \/>\n<em>Der Innenhof<\/em><\/p>\n<p>Nun machten wir uns endlich auf den Weg nach Italien \u00fcber den Brenner Richtung Gardasee. Dabei versuchte ich die WoMos zu z\u00e4hlen, die uns entgegenkamen, aber es waren viel zu viele. \u00dcber Kurven ging es hinauf, \u00fcber Kurven ging es hinunter, zur \u00d6si-Maut, dann zur Italo-Maut, weiter auf der Autostrada, zur n\u00e4chsten Maut und zur \u00fcbern\u00e4chsten Maut, dazwischen Kurven und nochmals Kurven &#8230; bis &#8230;<\/p>\n<p><a href=\"https:\/\/www.simonis.co.at\/wordpress\/wp-content\/uploads\/DSCF4703.jpg\"><img loading=\"lazy\" decoding=\"async\" class=\"alignnone size-medium wp-image-760\" src=\"https:\/\/www.simonis.co.at\/wordpress\/wp-content\/uploads\/DSCF4703-300x169.jpg\" alt=\"DSCF4703\" width=\"300\" height=\"169\" srcset=\"https:\/\/www.simonis.co.at\/wordpress\/wp-content\/uploads\/DSCF4703-300x169.jpg 300w, https:\/\/www.simonis.co.at\/wordpress\/wp-content\/uploads\/DSCF4703.jpg 1024w\" sizes=\"auto, (max-width: 300px) 100vw, 300px\" \/>&nbsp;&nbsp;<\/a><a href=\"https:\/\/www.simonis.co.at\/wordpress\/wp-content\/uploads\/DSCF4709.jpg\"><img loading=\"lazy\" decoding=\"async\" class=\"alignnone size-medium wp-image-762\" src=\"https:\/\/www.simonis.co.at\/wordpress\/wp-content\/uploads\/DSCF4709-300x169.jpg\" alt=\"DSCF4709\" width=\"300\" height=\"169\" srcset=\"https:\/\/www.simonis.co.at\/wordpress\/wp-content\/uploads\/DSCF4709-300x169.jpg 300w, https:\/\/www.simonis.co.at\/wordpress\/wp-content\/uploads\/DSCF4709.jpg 1024w\" sizes=\"auto, (max-width: 300px) 100vw, 300px\" \/><\/a><br \/>\n<em>Die Europabr\u00fccke &nbsp; &nbsp;&#8230; &nbsp;endlich, der Gardasee!<\/em><\/p>\n<p>&#8230; pl\u00f6tzlich der Gardasee sich zu unseren F\u00fc\u00dfen&nbsp;ausgebreitete. Ein herrliches Panorama, also nix wie den n\u00e4chsten Parkplatz ansteuern, die Kameras z\u00fccken&nbsp;und die ersten Fotos schie\u00dfen.<\/p>\n<p>Dann&nbsp;fuhren wir am Westufer entlang mit herrlichem Blick auf den See.&nbsp;Das Navi lotste uns sicher durch alle Ortschaften, Stra\u00dfen und G\u00e4sschen, bis kurz vor dem Ziel&nbsp;es uns ins Hinterland verwies. Egbert z\u00f6gerte der Anweisung zu folgen, wie Recht er doch hatte!&nbsp;Wir irrten&nbsp;\u00fcber Autostradas und Kreuzung und immer dort, wo es knifflig wurde&nbsp;schwieg das Navi beharrlich. Ich hatte den Eindruck, es kannte sich selbst nicht aus und&nbsp;kam mir&nbsp;dabei wie Odysseus vor.&nbsp;Gott&nbsp;sei Dank dauerte es nicht zwanzig Jahre, bis wir&nbsp;mittels Trial&amp;Error endlich die richtige Abzweigung fanden.<\/p>\n<p>Um 19:00 hatten wir, erleichtert, aber mittlerweile schon sehr hungrig,&nbsp;unser Domizil gefunden, einen Campingplatz direkt auf einer kleinen Landzunge gelegen mit herrlichem Blick \u00fcber den See.<\/p>\n<div>\n<dl id=\"attachment_144\">\n<dt><a href=\"https:\/\/www.simonis.co.at\/wordpress\/wp-content\/uploads\/DSCF4718.jpg\"><img loading=\"lazy\" decoding=\"async\" class=\"alignnone size-medium wp-image-765\" src=\"https:\/\/www.simonis.co.at\/wordpress\/wp-content\/uploads\/DSCF4718-300x184.jpg\" alt=\"DSCF4718\" width=\"300\" height=\"184\" srcset=\"https:\/\/www.simonis.co.at\/wordpress\/wp-content\/uploads\/DSCF4718-300x184.jpg 300w, https:\/\/www.simonis.co.at\/wordpress\/wp-content\/uploads\/DSCF4718.jpg 810w\" sizes=\"auto, (max-width: 300px) 100vw, 300px\" \/><\/a><\/dt>\n<dd><em>Ein sch\u00f6nes Pl\u00e4tzchen &#8230;<\/em><\/dd>\n<\/dl>\n<\/div>\n<p>Nachdem Schnecki platziert und mit Strom verkabelt war, ging es zum Ristorante wo bei&nbsp;<em>pizze con vino bianco<\/em>&nbsp;der Abend ausklang.<\/p>\n<p>Heute, Sonntag ist Erholung und Entspannung angesagt.<\/p>\n<div>\n<dl id=\"attachment_145\">\n<dt><a href=\"https:\/\/www.simonis.co.at\/wordpress\/wp-content\/uploads\/DSCF4720.jpg\"><img loading=\"lazy\" decoding=\"async\" src=\"https:\/\/www.simonis.co.at\/wordpress\/wp-content\/uploads\/DSCF4720-300x169.jpg\" alt=\"DSCF4720\" width=\"300\" height=\"169\"\/><\/a><\/dt>\n<dd><em>&#8230; erste Reihe fu\u00dffrei &#8230;<\/em><\/dd>\n<\/dl>\n<\/div>\n<div>\n<dl id=\"attachment_146\">\n<dt><a href=\"https:\/\/www.simonis.co.at\/wordpress\/wp-content\/uploads\/DSCF4721.jpg\"><img loading=\"lazy\" decoding=\"async\" src=\"https:\/\/www.simonis.co.at\/wordpress\/wp-content\/uploads\/DSCF4721-300x169.jpg\" alt=\"DSCF4721\" width=\"300\" height=\"169\"\/><\/a><\/dt>\n<dd><em>&#8230; sogar mit WLAN<\/em><\/dd>\n<\/dl>\n<\/div>\n<p>&nbsp;<\/p>\n<h3><em><strong>Montag, 9. September:&nbsp;Gardasee &#8211; Mailand &#8211; Padua, 200km<\/strong><\/em><\/h3>\n<h4>MAILAND<\/h4>\n<p><span style=\"font-size: 16px;\">Heute fr\u00fch machten wir einen letzten Rundgang durch den Camping Platz.<\/span><\/p>\n<p><a href=\"https:\/\/www.simonis.co.at\/wordpress\/wp-content\/uploads\/DSCF4736.jpg\"><img loading=\"lazy\" decoding=\"async\" class=\"alignnone size-medium wp-image-770\" src=\"https:\/\/www.simonis.co.at\/wordpress\/wp-content\/uploads\/DSCF4736-300x169.jpg\" alt=\"Am Ufer des Gardasees\" width=\"300\" height=\"169\" srcset=\"https:\/\/www.simonis.co.at\/wordpress\/wp-content\/uploads\/DSCF4736-300x169.jpg 300w, https:\/\/www.simonis.co.at\/wordpress\/wp-content\/uploads\/DSCF4736.jpg 1024w\" sizes=\"auto, (max-width: 300px) 100vw, 300px\" \/><\/a><\/p>\n<div>\n<dl id=\"attachment_160\">\n<dt><a href=\"https:\/\/www.simonis.co.at\/wordpress\/wp-content\/uploads\/DSCF4731.jpg\"><img loading=\"lazy\" decoding=\"async\" class=\"alignnone size-medium wp-image-769\" src=\"https:\/\/www.simonis.co.at\/wordpress\/wp-content\/uploads\/DSCF4731-300x168.jpg\" alt=\"Das kennt jeder James Bond Fan ...\" width=\"300\" height=\"168\" srcset=\"https:\/\/www.simonis.co.at\/wordpress\/wp-content\/uploads\/DSCF4731-300x168.jpg 300w, https:\/\/www.simonis.co.at\/wordpress\/wp-content\/uploads\/DSCF4731.jpg 1024w\" sizes=\"auto, (max-width: 300px) 100vw, 300px\" \/><\/a><\/dt>\n<dd><em>&#8230; und das kennt jeder James Bond Fan<\/em><\/dd>\n<\/dl>\n<\/div>\n<p>Danach erledigten wir die \u00fcblichen&nbsp;Service T\u00e4tigkeiten, wie Toiletten- und Abwassertank entleeren, Frischwassertank neu auff\u00fcllen, alle Luken und Fenster schlie\u00dfen, Stromkabel abnehmen, Gashahn abdrehen, St\u00fctzen hochfahren, Tisch und Sessel wieder verstauen und um 10:00&nbsp;fuhren wir&nbsp;los Richtung Mailand.<\/p>\n<p>Ich hatte gro\u00dfe Bef\u00fcrchtungen, WO werden wir Schnecki parken k\u00f6nnen und WIE werden wir uns zurecht finden? Gestern Abend versuchte ich Park&amp;Ride Pl\u00e4tze ins Navi einzuspeichern, aber das war gar nicht einfach ohne Hausnummern. Endlich fanden wir einen, mit Street Level (denn in ein Parkhaus kommt man mit WoMo nicht hinein. Erleichtert fuhren wir zum W\u00e4rterhaus, worauf der Parkw\u00e4chter den Kopf sch\u00fcttelt und auf Italienisch unmissverst\u00e4ndlich erkl\u00e4rt, dass hier kein WoMo parken darf. Ich war ziemlich sauer: 1. war der Parkplatz fast leer und 2. stand nirgends ein Schild, welches das Parken von WoMos untersagte. Trotz nochmaliger Bitte lie\u00df er sich nicht erweichen und wir kehrten um Richtung Stra\u00dfe.&nbsp;Egbert fragte einen Passanten, wo man hier parken k\u00f6nnte und dieser&nbsp;erkl\u00e4rte: &#8222;Na, \u00fcberall!&#8220; Also&nbsp;fuhren wir aufs erste gerade aus, und schon nach 100 Metern entdeckten&nbsp;wir einen wunderbaren \u00f6ffentlichen Parkplatz mit viel Raum. Nachdem die T\u00fcren von innen spezial einbruchsicher verriegelt worden waren, eine doppelte Lenkradsperre und die Eingangst\u00fcre doppelt abgesperrt war, machten wir uns auf Richtung METRO, keine 200 Meter von unserem Parkplatz entfernt. Nach 10 Stationen stiegen wir aus und sahen &#8230;<\/p>\n<div>\n<dl id=\"attachment_164\">\n<dt><a href=\"https:\/\/www.simonis.co.at\/wordpress\/wp-content\/uploads\/DSCF4737.jpg\"><img loading=\"lazy\" decoding=\"async\" class=\"alignnone size-medium wp-image-771\" src=\"https:\/\/www.simonis.co.at\/wordpress\/wp-content\/uploads\/DSCF4737-300x168.jpg\" alt=\"Der Mail\u00e4nder Dom\" width=\"300\" height=\"168\" srcset=\"https:\/\/www.simonis.co.at\/wordpress\/wp-content\/uploads\/DSCF4737-300x168.jpg 300w, https:\/\/www.simonis.co.at\/wordpress\/wp-content\/uploads\/DSCF4737.jpg 1024w\" sizes=\"auto, (max-width: 300px) 100vw, 300px\" \/><\/a><\/dt>\n<dd><em>&#8230; den Mail\u00e4nder Dom<\/em><\/dd>\n<\/dl>\n<\/div>\n<p>Dies ist wirklich ein interessantes Bauwerk, ein Dom mit f\u00fcnfschiffiger Basilika aber ohne Kirchturm, daf\u00fcr mit unz\u00e4hligen St\u00fctzpfeilern und Statuen. Wir wanderten durch das riesige Kirchenschiff, kletterten die 250 Stufen hinauf auf das Dach aus wei\u00dfen Marmorplatten.<\/p>\n<div>\n<dl id=\"attachment_163\">\n<dt><a href=\"https:\/\/www.simonis.co.at\/wordpress\/wp-content\/uploads\/DSCF4762.jpg\"><img loading=\"lazy\" decoding=\"async\" src=\"https:\/\/www.simonis.co.at\/wordpress\/wp-content\/uploads\/DSCF4762-300x168.jpg\" alt=\"Egbert, der Wasserspeier\" width=\"300\" height=\"168\"\/><\/a><\/dt>\n<dd><em>Egbert, der Wasserspeier<\/em><\/dd>\n<\/dl>\n<\/div>\n<p>Danach besuchten wir kurz die Galleria, wo wir bei GUCCI einen Espresso genossen.<\/p>\n<div>\n<dl id=\"attachment_165\">\n<dt><a href=\"https:\/\/www.simonis.co.at\/wordpress\/wp-content\/uploads\/DSCF4777.jpg\"><img loading=\"lazy\" decoding=\"async\" src=\"https:\/\/www.simonis.co.at\/wordpress\/wp-content\/uploads\/DSCF4777-300x169.jpg\" alt=\"Galleria\" width=\"300\" height=\"169\"\/><\/a><\/dt>\n<dd><em>Galleria &#8230;<\/em><\/dd>\n<\/dl>\n<\/div>\n<p><a href=\"https:\/\/www.simonis.co.at\/wordpress\/wp-content\/uploads\/DSCF4780.jpg\"><img loading=\"lazy\" decoding=\"async\" class=\"alignnone size-medium wp-image-787\" src=\"https:\/\/www.simonis.co.at\/wordpress\/wp-content\/uploads\/DSCF4780-300x168.jpg\" alt=\"DSCF4780\" width=\"300\" height=\"168\" srcset=\"https:\/\/www.simonis.co.at\/wordpress\/wp-content\/uploads\/DSCF4780-300x168.jpg 300w, https:\/\/www.simonis.co.at\/wordpress\/wp-content\/uploads\/DSCF4780.jpg 1024w\" sizes=\"auto, (max-width: 300px) 100vw, 300px\" \/><\/a><\/p>\n<dl>\n<dd><em>Egbert und&nbsp;Borsalino &#8230;<\/em><\/dd>\n<\/dl>\n<p><a href=\"https:\/\/www.simonis.co.at\/wordpress\/wp-content\/uploads\/DSCF4784.jpg\"><img loading=\"lazy\" decoding=\"async\" class=\"alignnone size-medium wp-image-789\" src=\"https:\/\/www.simonis.co.at\/wordpress\/wp-content\/uploads\/DSCF4784-300x168.jpg\" alt=\"DSCF4784\" width=\"300\" height=\"168\" srcset=\"https:\/\/www.simonis.co.at\/wordpress\/wp-content\/uploads\/DSCF4784-300x168.jpg 300w, https:\/\/www.simonis.co.at\/wordpress\/wp-content\/uploads\/DSCF4784.jpg 1024w\" sizes=\"auto, (max-width: 300px) 100vw, 300px\" \/><\/a><\/p>\n<dl id=\"attachment_167\">\n<dd><em>&#8230; Espresso bei Gucci<\/em><\/dd>\n<\/dl>\n<p>Dann kehrten wir zum WoMo zur\u00fcck und stellten erleichtert fest, dass alles heil und unber\u00fchrt geblieben war.&nbsp;Also hie\u00df es, Abschied nehmen von Mailand und da es noch recht fr\u00fch war,&nbsp;beschlossen wir nicht den geplanten&nbsp;Mail\u00e4nder Campingplatz anzusteuern sondern&nbsp;weiter bis&nbsp;Pavia zu fahren. Dort lie\u00dfen&nbsp;wir den Abend ausklingen&nbsp;mit ofenfrischem Baguette, Parma Schinken,&nbsp;Mortadella und&nbsp;italienischem Rotwein. Die vielen Gelsen, unser Begr\u00fc\u00dfungskomitee&nbsp;in der Abendd\u00e4mmerung&nbsp;trug der kr\u00e4ftige Wind davon.<\/p>\n<p>Morgen geht es endlich an die Cote d&#8217;Azur, also dann &#8230; Gute Nacht!<\/p>\n<p>&nbsp;<\/p>\n<h3><em><strong>Dienstag, 10. September:&nbsp;Padua &#8211; Menton &#8211; Monte Carlo &#8211; Nizza &#8211; Cagnes sur Mer, 339km<\/strong><\/em><\/h3>\n<h4>S\u00dcDFRANKREICH &#8211; WIR KOMMEN!<\/h4>\n<p>Heute brachen wir von Pavia endlich Richtung S\u00fcdfrankreich auf, zuerst durch das italienische Hinterland hinunter bis zum Meer, nahe Genua, dann an der Riviera entlang bis nach Menton. Dieses malerische einstige Fischerd\u00f6rfchen liegt direkt an der Grenze zu Italien.<\/p>\n<p><a href=\"https:\/\/www.simonis.co.at\/wordpress\/wp-content\/uploads\/DSCF4794.jpg\"><img loading=\"lazy\" decoding=\"async\" class=\"alignnone size-medium wp-image-184\" src=\"https:\/\/www.simonis.co.at\/wordpress\/wp-content\/uploads\/DSCF4794-300x171.jpg\" alt=\"DSCF4794\" width=\"300\" height=\"171\" srcset=\"https:\/\/www.simonis.co.at\/wordpress\/wp-content\/uploads\/DSCF4794-300x171.jpg 300w, https:\/\/www.simonis.co.at\/wordpress\/wp-content\/uploads\/DSCF4794.jpg 1024w\" sizes=\"auto, (max-width: 300px) 100vw, 300px\" \/><\/a>&nbsp; <a href=\"https:\/\/www.simonis.co.at\/wordpress\/wp-content\/uploads\/DSCF4793.jpg\"><img loading=\"lazy\" decoding=\"async\" class=\"alignnone size-medium wp-image-183\" src=\"https:\/\/www.simonis.co.at\/wordpress\/wp-content\/uploads\/DSCF4793-300x169.jpg\" alt=\"DSCF4793\" width=\"300\" height=\"169\" srcset=\"https:\/\/www.simonis.co.at\/wordpress\/wp-content\/uploads\/DSCF4793-300x169.jpg 300w, https:\/\/www.simonis.co.at\/wordpress\/wp-content\/uploads\/DSCF4793.jpg 1024w\" sizes=\"auto, (max-width: 300px) 100vw, 300px\" \/><\/a><br \/>\n<em>Menton<\/em><\/p>\n<p>Hier empfahl uns das schlaue WoMo Reisebuch einen Camping Platz, der hoch \u00fcber der Stadt thront, mit herrlichem Blick \u00fcber Menton und Mittelmeer. Der Tipp lautete: WoMo dort abstellen, \u00fcber die Stiegen zum Bahnhof hinunter gehen und den Zug (10km) nach Monaco nehmen, da dort nirgends ein Parkplatz f\u00fcrs WoMo zu finden w\u00e4re. Nebenbei bemerkte der Autor: Generell sei Frankreich nicht gerade WoMo freundlich. das ist eine leichte Untertreibung wie wir im Laufe der Reise fest stellen mussten. Die \u00dcberschrift zu diesem Kapitel lautet: C\u00f4te d\u2019Azur f\u00fcr Fortgeschrittene (mittlerweile wissen wir, was Fortgeschritten bedeutet, es bezieht sich auf die Fahrk\u00fcnste &#8211; Egbert ist bereits ein wirklich exzellenter WoMo Pilot).<\/p>\n<p>Noch ein Tipp fand sich \u2013 das Navi ignorieren, was wir sowieso in letzter Zeit sehr gerne tun und damit gar nicht schlecht fahren, und gleich nach links abbiegen, den Berg hinauf weil die Strasse leichter zu fahren w\u00e4re. M\u00fchsam erklommen wir Kehre f\u00fcr Kehre, und fragten uns, was unter \u201eleicht\u201c zu verstehen sei, denn die Strasse war alles andere als&nbsp;ein Boulevard.<\/p>\n<p><a href=\"https:\/\/www.simonis.co.at\/wordpress\/wp-content\/uploads\/DSCF4787.jpg\"><img loading=\"lazy\" decoding=\"async\" class=\"alignnone size-medium wp-image-639\" src=\"https:\/\/www.simonis.co.at\/wordpress\/wp-content\/uploads\/DSCF4787-300x144.jpg\" alt=\"DSCF4787\" width=\"300\" height=\"144\" srcset=\"https:\/\/www.simonis.co.at\/wordpress\/wp-content\/uploads\/DSCF4787-300x144.jpg 300w, https:\/\/www.simonis.co.at\/wordpress\/wp-content\/uploads\/DSCF4787.jpg 1024w\" sizes=\"auto, (max-width: 300px) 100vw, 300px\" \/><\/a><br \/>\n<em>Echt steil!!!<\/em><\/p>\n<p>Oben angekommen fanden wir den Camping Platz, fuhren hinein und lasen, dass die Rezeption erst in einer Stunde \u00f6ffnet. Also suchten wir uns inzwischen ein sch\u00f6nes Pl\u00e4tzchen mit herrlicher Aussicht direkt gegen\u00fcber des Privathauses der Camping Platz Besitzerin (wie sich sofort herausstellte), z\u00fcckten die Kamera und s\u00b4chossen ein paar Fotos.<\/p>\n<p><a href=\"https:\/\/www.simonis.co.at\/wordpress\/wp-content\/uploads\/DSCF4785.jpg\"><img loading=\"lazy\" decoding=\"async\" class=\"alignnone size-medium wp-image-638\" src=\"https:\/\/www.simonis.co.at\/wordpress\/wp-content\/uploads\/DSCF4785-300x118.jpg\" alt=\"DSCF4785\" width=\"300\" height=\"118\" srcset=\"https:\/\/www.simonis.co.at\/wordpress\/wp-content\/uploads\/DSCF4785-300x118.jpg 300w, https:\/\/www.simonis.co.at\/wordpress\/wp-content\/uploads\/DSCF4785.jpg 1024w\" sizes=\"auto, (max-width: 300px) 100vw, 300px\" \/><\/a>&nbsp;<a href=\"https:\/\/www.simonis.co.at\/wordpress\/wp-content\/uploads\/DSCF4790.jpg\"><img loading=\"lazy\" decoding=\"async\" class=\"alignnone size-medium wp-image-640\" src=\"https:\/\/www.simonis.co.at\/wordpress\/wp-content\/uploads\/DSCF4790-300x169.jpg\" alt=\"DSCF4790\" width=\"300\" height=\"169\" srcset=\"https:\/\/www.simonis.co.at\/wordpress\/wp-content\/uploads\/DSCF4790-300x169.jpg 300w, https:\/\/www.simonis.co.at\/wordpress\/wp-content\/uploads\/DSCF4790.jpg 1024w\" sizes=\"auto, (max-width: 300px) 100vw, 300px\" \/><\/a><br \/>\n<em>Menton von oben<\/em><\/p>\n<p>Madame trat&nbsp;in ihren Garten und erkl\u00e4rte auf Franz\u00f6sisch, dass der Camping Platz f\u00fcr Wohnmobile und Wohnw\u00e4gen verboten sei und dies doch untern an der Stra\u00dfe deutlich vermerkt w\u00e4re. Hatten wir nat\u00fcrlich nicht gelesen, weil wir ja von einer anderen Seite gekommen waren.<\/p>\n<p>Unser Tagesplan war mit einem Schlag komplett \u00fcber den Haufen geworfen. Das passiert halt, wenn man keine Pauschalreise im Bus bucht sondern auf eigene Faust ins Abenteuer f\u00e4hrt. Was tun? Egberts Vorschlag: In Menton den Shop aufsuchen wo man SIM Karten f\u00fcrs Tablet bekommt und danach im Internet einen anderen Camping Platz suchen. Meine Idee: Fahren wir nach Monaco, da gibt es das einzige Parkhaus Europas, wo WoMos hineink\u00f6nnen, stellen wir uns dort hinein und fahren dann auf einen Camping Platz. Aber bekanntlich kommt es meistens anders, als wir denken &#8230;.<\/p>\n<p>Zuerst fuhren wir den Berg hinunter, fotografierten das herrliche Panorama und versuchten mittels Navi jenen Shop zu finden. Wir irrten eine Stunde durch engste G\u00e4sschen, bis wir aufgaben und auf der Uferstrasse Richtung Monaco fuhren, wobei fuhren ein bisschen \u00fcbertrieben ist, wenn man im Schritttempo sich vorw\u00e4rts bewegt. Aber das hatte auch sein Gutes, wir konnten viel sehen und&nbsp;in aller Ruhe fotografieren.<\/p>\n<div>\n<dl id=\"attachment_186\">\n<dt><a href=\"https:\/\/www.simonis.co.at\/wordpress\/wp-content\/uploads\/DSCF4801.jpg\"><img loading=\"lazy\" decoding=\"async\" src=\"https:\/\/www.simonis.co.at\/wordpress\/wp-content\/uploads\/DSCF4801-300x127.jpg\" alt=\"Monte Carlo\" width=\"300\" height=\"127\"\/><\/a><\/dt>\n<dd><em>Monte Carlo<\/em><\/dd>\n<\/dl>\n<\/div>\n<p>In Monte Carlo packte Egbert der Ehrgeiz und er versuchte die Formel 1 Strecke mit dem WoMo abzufahren, w\u00e4re nicht m\u00f6glich gewesen, wenn wir den Zug genommen h\u00e4tten. Das klappte auch ganz gut, (anscheinend kennt er die Strecke vom Zuschauen schon in und auswendig), bis ein Polizist ihn am Weiterfahren hinderte indem er ihm dreimal erkl\u00e4rte, dass WoMos hier nicht fahren d\u00fcrfen. Na gut, dann halt nicht, dann Richtung Monaco \u2026 aber \u2026 da d\u00fcrfen auch keine WoMos hinauf, also weiter fahren Richtung Nizza, \u00fcber die Moyienne Corniche wo wir beim Jardin Exotique anhielten und ein wundervolles Panorama sich vor uns ausbreitete.<\/p>\n<div>\n<dl id=\"attachment_189\">\n<dt><a href=\"https:\/\/www.simonis.co.at\/wordpress\/wp-content\/uploads\/DSCF4817.jpg\"><img loading=\"lazy\" decoding=\"async\" src=\"https:\/\/www.simonis.co.at\/wordpress\/wp-content\/uploads\/DSCF4817-300x95.jpg\" alt=\"Monaco mit Monte Carlo\" width=\"300\" height=\"95\"\/><\/a><\/dt>\n<dd><em>Monaco mit Monte Carlo<\/em><\/dd>\n<\/dl>\n<\/div>\n<p>Inzwischen war es schon recht sp\u00e4t und wir peilten einen Camping Platz kurz hinter Nizza. Zuerst ging es z\u00fcgig voran \u00fcber die Autobahn, aber dann fuhren wir ins Zentrum von Nizza, absolvierten im Schritttempo eine kleine Stadtrundfahrt, vorbei am wahrscheinlich sch\u00f6nst gelegenen Flugplatz der Welt, der liegt direkt neben dem Strand am Meer.<\/p>\n<p>Um 19:00 war unsere Tages-Etappe beendet. Da kein Restaurant weit und breit, gab es Spaghetti \u00e0 la Bolognese, und als Nachtisch Rotwein und K\u00e4se. Unser Resum\u00e9e: Wir haben wirklich viel gesehen und erlebt. Es ist ein wundersch\u00f6ner Fleck auf Erden aber das haben vor uns schon viele, viele, wirklich viele&nbsp;andere auch schon entdeckt.<\/p>\n<p>Der Camping Platz, den wir gefunden haben, war&nbsp;sehr nett, zwar nicht hoch gelegen sondern in einem schattigen Tal, wo einem am Morgen das frische Baguette direkt vor die WoMo T\u00fcre geliefert wird.<\/p>\n<p>&nbsp;<\/p>\n<h3><em><strong>Mittwoch, 11. September:&nbsp;Cagnes sur Mer \u2013 Vence \u2013 Antibes \u2013 Juan le Pins &#8211; Cannes &#8211; Agay, 92km<\/strong><\/em><\/h3>\n<h4>COTE D&#8217;AZUR<\/h4>\n<p>Diesmal wende ich mich direkt an einige aus meiner Leserschaft. Seid nicht b\u00f6se, wenn ihr euch nicht wieder findet, aber ich denke an jeden von euch. Immer wieder fallen mir Gegenst\u00e4nde oder Situationen auf, die ich mit einem von euch assoziiere. Also dann mal los:<\/p>\n<p>Lieber Michael<\/p>\n<p><i>F\u00fcr die anderen, das ist mein Bruder, ich habe nur einen, aber zwei Schwestern, die werden auch noch dran kommen.<\/i><\/p>\n<p>Wie du am besten von allen wei\u00dft, mit dem WoMo unterwegs erlebt man immer wieder neue Abenteuer. Mittwoch fr\u00fch beim Wegfahren vom Campingplatz habe ich gleich an dich gedacht, denn auch wir haben eine Schwelle zu sp\u00e4t bemerkt, und SCHWUPPS von 12 Tellern sind nur mehr zwei zu verwenden. Der Rest verstreute sich in splitteriger Form auf dem WoMo Boden begleitet von einem Bierglas und meinem Milchk\u00e4nnchen. Beim n\u00e4chsten Stopp, als Egbert auftankte, r\u00e4umte ich den Scherbenhaufen zusammen. Die zehn Teller und zwei Gl\u00e4ser waren wirklich ein gro\u00dfer Haufen. Endlich kam auch der neu erworbene Tischstaubsauger zum Einsatz, mit dem ich auch die kleinsten Splitter erwischte. Seither passe ich wie ein Schie\u00dfhund auf und rufe sofort SCHWELLE!!!! sobald ich eine nur wittere.<\/p>\n<p>Liebe Pamina, liebe Jenufa<\/p>\n<p><i>Das sind meine T\u00f6chter, f\u00fcr alle, die es nicht wissen.<\/i><\/p>\n<p>Dann ging es nach Vence. Wir flanierten durch die winzige mittelalterliche Stadt mit ihren engen Gassen.<\/p>\n<div>\n<dl id=\"attachment_230\">\n<dt><a href=\"https:\/\/www.simonis.co.at\/wordpress\/wp-content\/uploads\/DSCF4826.jpg\"><img loading=\"lazy\" decoding=\"async\" src=\"https:\/\/www.simonis.co.at\/wordpress\/wp-content\/uploads\/DSCF4826-300x169.jpg\" alt=\"Vence\" width=\"300\" height=\"169\"\/><\/a><br \/>\n<em>Vence<\/em><\/dt>\n<\/dl>\n<\/div>\n<p>Das hat mich sehr an Malta erinnert, obwohl es nicht so hell ist wie dort. Und die H\u00e4user sind ein bisschen anders gebaut, aber genauso eng und genauso alt. Es gibt sehr viele kleine L\u00e4den und Restaurants in den winzigen G\u00e4sschen. Da dieser Stadtteil am Verfallen war, beschloss die Stadtverwaltung jungen Mietern zehn Jahre lang die Miete zu erlassen, wenn diese daf\u00fcr in der Zeit das Haus renovieren. Anscheinend nehmen mehr und mehr dieses Angebot in Anspruch.<\/p>\n<p>In Vence befinden sich gleich beim Stadttor drei Brunnen mit exzellenter Wasserqualit\u00e4t. Erst 1886 wurde eine Wasserleitung gebaut. bis dahin wurde jedes ben\u00f6tigte Wasser von diesen drei Brunnen geholt.<\/p>\n<div>\n<dl id=\"attachment_228\">\n<dt><a href=\"https:\/\/www.simonis.co.at\/wordpress\/wp-content\/uploads\/DSCF4823.jpg\"><img loading=\"lazy\" decoding=\"async\" src=\"https:\/\/www.simonis.co.at\/wordpress\/wp-content\/uploads\/DSCF4823-300x169.jpg\" alt=\"Das Stadttor\" width=\"300\" height=\"169\"\/><\/a><br \/>\n<em>Das Stadttor &#8230;<\/em><\/dt>\n<\/dl>\n<\/div>\n<p><a href=\"https:\/\/www.simonis.co.at\/wordpress\/wp-content\/uploads\/DSCF4824.jpg\"><img loading=\"lazy\" decoding=\"async\" src=\"https:\/\/www.simonis.co.at\/wordpress\/wp-content\/uploads\/DSCF4824-300x169.jpg\" alt=\"DSCF4824\" width=\"300\" height=\"169\"\/><\/a><br \/>\n<em>&#8230; der Hauptbrunnen<\/em><\/p>\n<p>Seit wir mit dem WoMo unterwegs sind, wei\u00df ich, was das hei\u00dft. Jeden Tag wird der Frischwassertank nachgef\u00fcllt und der Abwassertank ausgeleert. Aber dazu muss man wissen, WO man das tun kann. Wir suchen die Zapfstelle, h\u00e4ngen den Schlauch rein und drehen das Wasser auf. Damals musste man allerdings alles in K\u00fcbeln nach Hause schleppen.<\/p>\n<p>Liebe Ren\u00e9e,<\/p>\n<p><i>Das ist meine \u00e4lteste Schwester, f\u00fcr alle, die es nicht wissen!<\/i>&nbsp;Stell dir vor, hier fanden wir in einem kleinen Kircherl dieses Mosaik von Chagall. Der hat hier auch, wie so viele andere K\u00fcnstler einige Zeit gelebt und gearbeitet.<\/p>\n<p><a href=\"https:\/\/www.simonis.co.at\/wordpress\/wp-content\/uploads\/DSCF4830.jpg\"><img loading=\"lazy\" decoding=\"async\" class=\"alignnone size-medium wp-image-807\" src=\"https:\/\/www.simonis.co.at\/wordpress\/wp-content\/uploads\/DSCF4830-273x300.jpg\" alt=\"DSCF4830\" width=\"273\" height=\"300\" srcset=\"https:\/\/www.simonis.co.at\/wordpress\/wp-content\/uploads\/DSCF4830-273x300.jpg 273w, https:\/\/www.simonis.co.at\/wordpress\/wp-content\/uploads\/DSCF4830.jpg 768w\" sizes=\"auto, (max-width: 273px) 100vw, 273px\" \/><\/a><br \/>\n<em>Die Auffindung von Moses im Weidenkorb am Nil<\/em><\/p>\n<p>Nach einer Pizza ging es weiter nach Antibes.<\/p>\n<p>Antibes ist ein nettes kleines St\u00e4dtchen. Mittlerweile habe ich diese \u201enetten kleinen St\u00e4dtchen\u201c f\u00fcrchten gelernt, denn f\u00fcr WoMos ist das n\u00e4mlich gar nicht \u201enett\u201c. Aber wir lernen dazu, es gibt in diesen St\u00e4dten \u00f6ffentliche Parkpl\u00e4tze mit Parkscheinen. Anpeilen und einen Parkplatz suchen, der breit und lang genug ist, wobei unser WoMo mit seinen 5,40m eh recht Parkplatztauglich ist.<\/p>\n<p><a href=\"https:\/\/www.simonis.co.at\/wordpress\/wp-content\/uploads\/DSCF4831.jpg\"><img loading=\"lazy\" decoding=\"async\" src=\"https:\/\/www.simonis.co.at\/wordpress\/wp-content\/uploads\/DSCF4831-300x147.jpg\" alt=\"DSCF4831\" width=\"300\" height=\"147\"\/><\/a><\/p>\n<p>Liebe Uschi, lieber Hartmut,<\/p>\n<p><i>Das sind Pias Eltern und Pia ist Christophs Frau und Christoph ist Egberts Sohn, f\u00fcr alle, die das noch nicht wissen.<\/i><\/p>\n<p>Wir flanierten durch die Gassen und steuerten dann zielstrebig das Picasso Museum an. Picasso hat zwei Jahre in Antibes gelebt und gearbeitet, sp\u00e4ter dann in der n\u00e4heren Umgebung und ist 1973 auf seinem Alterssitz in Mougins gestorben. Jedenfalls beherbergt das Museum im zweiten Stock eine exklusive Picasso Ausstellung mit Bildern, Grafiken und Keramiken.<\/p>\n<p><a href=\"https:\/\/www.simonis.co.at\/wordpress\/wp-content\/uploads\/DSCF4840.jpg\"><img loading=\"lazy\" decoding=\"async\" src=\"https:\/\/www.simonis.co.at\/wordpress\/wp-content\/uploads\/DSCF4840-300x168.jpg\" alt=\"DSCF4840\" width=\"300\" height=\"168\"\/><\/a><\/p>\n<p>Die meisten Exponate hat er direkt bei seinem Aufenthalt 1946 im Chateau Grimaldi gemalt, dem heutigen Museum, den Rest hat er gestiftet, bzw. seine Tochter. Es war sehr interessant die unterschiedlichen Werke zu betrachten. Eines f\u00e4llt unmissverst\u00e4ndlich auf, Picasso hat Spa\u00df an der Sache gehabt und ein hohes Ma\u00df an Phantasie ausgelebt.<\/p>\n<p><a href=\"https:\/\/www.simonis.co.at\/wordpress\/wp-content\/uploads\/S1110011.jpg\"><img loading=\"lazy\" decoding=\"async\" class=\"alignnone size-medium wp-image-876\" src=\"https:\/\/www.simonis.co.at\/wordpress\/wp-content\/uploads\/S1110011-300x147.jpg\" alt=\"S1110011\" width=\"300\" height=\"147\" srcset=\"https:\/\/www.simonis.co.at\/wordpress\/wp-content\/uploads\/S1110011-300x147.jpg 300w, https:\/\/www.simonis.co.at\/wordpress\/wp-content\/uploads\/S1110011.jpg 1024w\" sizes=\"auto, (max-width: 300px) 100vw, 300px\" \/><\/a><br \/>\n<em>Dieses Bild strahlt&nbsp;so viel Fr\u00f6hlichkeit aus<\/em><\/p>\n<p>Im Garten vor dem Museum befinden sich ein paar moderne Skulpturen, die auch recht sch\u00f6n sind!<\/p>\n<p><a href=\"https:\/\/www.simonis.co.at\/wordpress\/wp-content\/uploads\/DSCF4850.jpg\"><img loading=\"lazy\" decoding=\"async\" class=\"alignnone size-medium wp-image-813\" src=\"https:\/\/www.simonis.co.at\/wordpress\/wp-content\/uploads\/DSCF4850-300x169.jpg\" alt=\"DSCF4850\" width=\"300\" height=\"169\" srcset=\"https:\/\/www.simonis.co.at\/wordpress\/wp-content\/uploads\/DSCF4850-300x169.jpg 300w, https:\/\/www.simonis.co.at\/wordpress\/wp-content\/uploads\/DSCF4850.jpg 1024w\" sizes=\"auto, (max-width: 300px) 100vw, 300px\" \/><\/a><\/p>\n<p><a href=\"https:\/\/www.simonis.co.at\/wordpress\/wp-content\/uploads\/DSCF4854.jpg\"><img loading=\"lazy\" decoding=\"async\" class=\"alignnone size-medium wp-image-815\" src=\"https:\/\/www.simonis.co.at\/wordpress\/wp-content\/uploads\/DSCF4854-169x300.jpg\" alt=\"DSCF4854\" width=\"169\" height=\"300\" srcset=\"https:\/\/www.simonis.co.at\/wordpress\/wp-content\/uploads\/DSCF4854-169x300.jpg 169w, https:\/\/www.simonis.co.at\/wordpress\/wp-content\/uploads\/DSCF4854.jpg 577w\" sizes=\"auto, (max-width: 169px) 100vw, 169px\" \/><\/a><\/p>\n<p>Danach ging es weiter nach Juan le Pins.<\/p>\n<p>Liebe Oma, eigentlich liebe Pamina, kannst du das der Oma bitte vorlesen. Ich denke sie wird sich sehr dar\u00fcber freuen.<\/p>\n<p>Also, liebe Oma,<\/p>\n<p>Wir sind durch Juan le Pins gefahren, sehr langsam, weil in einer Autokolonne. Ich glaube nicht, dass du den Ort heute noch wieder erkennen w\u00fcrdest, selbst wenn du besser sehen k\u00f6nntest. Hier reiht sich ein Riesenhotel an das n\u00e4chste, zumindest im Stadtkern. Etwas au\u00dferhalb erahnt man wundersch\u00f6ne Villen hinter dicken hohen Mauern. Beim Durchfahren habe ich sehr viel an dich gedacht. Und ich hoffe, es geht dir gut!<\/p>\n<p>Danach war Cannes an der Reihe. Wir sind den Boulvard de Croisette von Anfang bis zum Ende gefahren, das war nicht Absicht, sondern Zufall. Wundersch\u00f6ne riesengro\u00dfe Palmen s\u00e4umen die Stra\u00dfe, daneben das azurblaue Meer und auf der anderen Seite Villen und Appartementh\u00e4user.<\/p>\n<p>Lieber Robbin, liebe Birgit,<\/p>\n<p><i>Das sind mein Sohn und seine liebe Frau<\/i>. Hier habe ich besonders an euch gedacht. Eine wichtige Verfolgungsjagd aus dem Film Der Transporter wurde hier in Szene gesetzt, obwohl ich mich frage, wie sie es geschafft haben daf\u00fcr die Croisette zu sperren. Und dann sind wir nat\u00fcrlich an den Hotels vorbei gefahren und ich habe mich aus dem Fenster geh\u00e4ngt und dieses Foto f\u00fcr dich geschossen, liebe Birgit.<\/p>\n<p><a href=\"https:\/\/www.simonis.co.at\/wordpress\/wp-content\/uploads\/DSCF4877.jpg\"><img loading=\"lazy\" decoding=\"async\" src=\"https:\/\/www.simonis.co.at\/wordpress\/wp-content\/uploads\/DSCF4877-300x169.jpg\" alt=\"DSCF4877\" width=\"300\" height=\"169\"\/><\/a><br \/>\n<em>Das Ritz Carlton &#8230;<\/em><\/p>\n<p><em><a href=\"https:\/\/www.simonis.co.at\/wordpress\/wp-content\/uploads\/DSCF4871.jpg\"><img loading=\"lazy\" decoding=\"async\" class=\"alignnone size-medium wp-image-822\" src=\"https:\/\/www.simonis.co.at\/wordpress\/wp-content\/uploads\/DSCF4871-300x168.jpg\" alt=\"DSCF4871\" width=\"300\" height=\"168\" srcset=\"https:\/\/www.simonis.co.at\/wordpress\/wp-content\/uploads\/DSCF4871-300x168.jpg 300w, https:\/\/www.simonis.co.at\/wordpress\/wp-content\/uploads\/DSCF4871.jpg 1024w\" sizes=\"auto, (max-width: 300px) 100vw, 300px\" \/><\/a><br \/>\n<\/em><em>&#8230; die Palmen auf der Croisette<\/em><\/p>\n<p>Als wir endlich beim Campingplatz einfuhren, war es schon finster. Das WoMo wurde auf dem \u00dcbernachtungsplatz eingeparkt, denn alle Stellpl\u00e4tze waren belegt, und das in der Nebensaison!<\/p>\n<p>&nbsp;<\/p>\n<h3><em><strong>Donnerstag, 12. September:&nbsp;Agay \u2013 St. Rafael \u2013 Frejus \u2013 St. Maxime \u2013 St. Tropez \u2013 Giens, 127km<\/strong><\/em><\/h3>\n<h4>WEITER GEHT ES ENTLANG DER RIVIERA<\/h4>\n<p>Nach einer angenehmen Nachtruhe, drehten wir eine Runde auf dem Camping Platz, der direkt am Meer liegt, eine Seltenheit an der Cote d&#8217;Azur und nach&nbsp;dem obligatorischen Auf- bzw. Entladen ging es wieder auf die Pirsch. Zuerst ein St\u00fcckchen zur\u00fcck, zur Corniche d\u2019Or, weil es gestern Abend f\u00fcrs Fotografieren schon zu sp\u00e4t gewesen war. Diese riesigen Felsen sind nicht goldfarben sondern rot und fallen direkt ins Meer, wodurch es richtig tintenblau wirkt.<\/p>\n<p><a href=\"https:\/\/www.simonis.co.at\/wordpress\/wp-content\/uploads\/DSCF4887.jpg\"><img loading=\"lazy\" decoding=\"async\" class=\"alignnone size-medium wp-image-826\" src=\"https:\/\/www.simonis.co.at\/wordpress\/wp-content\/uploads\/DSCF4887-300x168.jpg\" alt=\"DSCF4887\" width=\"300\" height=\"168\" srcset=\"https:\/\/www.simonis.co.at\/wordpress\/wp-content\/uploads\/DSCF4887-300x168.jpg 300w, https:\/\/www.simonis.co.at\/wordpress\/wp-content\/uploads\/DSCF4887.jpg 1024w\" sizes=\"auto, (max-width: 300px) 100vw, 300px\" \/><\/a>&nbsp;&nbsp;<a href=\"https:\/\/www.simonis.co.at\/wordpress\/wp-content\/uploads\/DSCF4894.jpg\"><img loading=\"lazy\" decoding=\"async\" src=\"https:\/\/www.simonis.co.at\/wordpress\/wp-content\/uploads\/DSCF4894-300x169.jpg\" alt=\"DSCF4894\" width=\"300\" height=\"169\"\/><\/a><br \/>\n<em>Tolle Farben, die Fotos sind nicht retouchiert!<\/em><\/p>\n<p><em><a href=\"https:\/\/www.simonis.co.at\/wordpress\/wp-content\/uploads\/DSCF4895.jpg\"><img loading=\"lazy\" decoding=\"async\" class=\"alignnone size-medium wp-image-828\" src=\"https:\/\/www.simonis.co.at\/wordpress\/wp-content\/uploads\/DSCF4895-300x169.jpg\" alt=\"DSCF4895\" width=\"300\" height=\"169\" srcset=\"https:\/\/www.simonis.co.at\/wordpress\/wp-content\/uploads\/DSCF4895-300x169.jpg 300w, https:\/\/www.simonis.co.at\/wordpress\/wp-content\/uploads\/DSCF4895.jpg 1024w\" sizes=\"auto, (max-width: 300px) 100vw, 300px\" \/><\/a>&nbsp; <a href=\"https:\/\/www.simonis.co.at\/wordpress\/wp-content\/uploads\/DSCF48971.jpg\"><img loading=\"lazy\" decoding=\"async\" class=\"alignnone size-medium wp-image-829\" src=\"https:\/\/www.simonis.co.at\/wordpress\/wp-content\/uploads\/DSCF48971-300x168.jpg\" alt=\"DSCF4897\" width=\"300\" height=\"168\" srcset=\"https:\/\/www.simonis.co.at\/wordpress\/wp-content\/uploads\/DSCF48971-300x168.jpg 300w, https:\/\/www.simonis.co.at\/wordpress\/wp-content\/uploads\/DSCF48971.jpg 1024w\" sizes=\"auto, (max-width: 300px) 100vw, 300px\" \/><\/a><br \/>\n<\/em>Danach steuerten wir St. Rafael an, weil wir die SIM Karte f\u00fcrs Tablet nachladen mussten. Das war kein leichtes Unterfangen und die Kritiken im Internet \u00fcber das unfreundliche Orange Personal in Frankreich kann ich hiermit best\u00e4tigen. Nichts desto trotz, wir sind endlich wieder ONLINE!!!! Zur Mittagszeit erreichten wir Frejus, sahen einen Riesensupermarkt und bogen auf den Parkplatz ein, denn wie ihr wisst, uns sind ja die Teller ausgegangen. Wir wurden dort f\u00fcndig und um unsere Neuerwerbung gleich zu testen, nahmen wir&nbsp;herrliche Pasteten, guten franz\u00f6sischen K\u00e4se und frisches Baguette mit. Es war Mittagszeit, also setzen wir uns an den Esstisch im WoMo und verputzten das Baguette mit Pasteten, K\u00e4se und frischem k\u00fchlen Bier, ein wahrer Genuss. Gelabt und gest\u00e4rkt machten wir uns auf die Suche nach den Sehensw\u00fcrdigkeiten, ein wundersch\u00f6nes altes Kloster aus dem 12. Jh und ein r\u00f6misches Amphitheater. Das Procedere ist bereits bekannt \u2013 Parkplatzerl suchen und ab die Post.<\/p>\n<p><a href=\"https:\/\/www.simonis.co.at\/wordpress\/wp-content\/uploads\/DSCF4911.jpg\"><img loading=\"lazy\" decoding=\"async\" src=\"https:\/\/www.simonis.co.at\/wordpress\/wp-content\/uploads\/DSCF4911-300x168.jpg\" alt=\"DSCF4911\" width=\"300\" height=\"168\"\/><\/a><br \/>\n<em>Egbert vor dem Kloster<\/em><\/p>\n<p>Das Kloster war sehr interessant, besonders der Kreuzgang (11.Jh), die Taufkapelle (4.\/5.Jh) und die Basilika, ein schlichter romanischer Bau, wo das Chorgest\u00fchl der M\u00f6nche die komplette Apsis ausf\u00fcllt und der Altar im Seitenschiff steht.<\/p>\n<p><a href=\"https:\/\/www.simonis.co.at\/wordpress\/wp-content\/uploads\/DSCF4903.jpg\"><img loading=\"lazy\" decoding=\"async\" src=\"https:\/\/www.simonis.co.at\/wordpress\/wp-content\/uploads\/DSCF4903-300x169.jpg\" alt=\"DSCF4903\" width=\"300\" height=\"169\"\/><\/a><\/p>\n<p>Mich hat die Kirche in ihrer Schlichtheit sehr ber\u00fchrt und ich habe \u00fcberlegt, wie viele Menschen in den letzten Jahrhunderten hier Zuflucht und Trost gesucht haben, oder ihrem Sch\u00f6pfer die Ehre geben wollten. Obwohl, das glaube ich, f\u00e4llt uns am aller-allerschwersten, unserem Sch\u00f6pfer wirklich die Ehre zu geben.<\/p>\n<p><a href=\"https:\/\/www.simonis.co.at\/wordpress\/wp-content\/uploads\/DSCF4924.jpg\"><img loading=\"lazy\" decoding=\"async\" src=\"https:\/\/www.simonis.co.at\/wordpress\/wp-content\/uploads\/DSCF4924-300x169.jpg\" alt=\"DSCF4924\" width=\"300\" height=\"169\"\/><\/a><br \/>\n<em>Der mittelalterliche Kreuzgang<\/em><\/p>\n<p>Danach war das r\u00f6mische Amphitheater dran, das als solches nicht mehr zu erkennen ist, weil mit Beton verst\u00e4rkt, dient es nun als Stierkampfarena, denn der hat auch in S\u00fcdfrankreich Tradition, wenn auch meistens eher in der unblutigen Version.<\/p>\n<p><a href=\"https:\/\/www.simonis.co.at\/wordpress\/wp-content\/uploads\/DSCF4928.jpg\"><img loading=\"lazy\" decoding=\"async\" src=\"https:\/\/www.simonis.co.at\/wordpress\/wp-content\/uploads\/DSCF4928-300x169.jpg\" alt=\"DSCF4928\" width=\"300\" height=\"169\"\/><\/a><br \/>\n<em>R\u00f6mische Antike in Beton geh\u00fcllt<\/em><\/p>\n<p>Bei Espresso und Eis beobachteten wir eine Hochzeitsgesellschaft auf ihrem Weg in die Kirche. Wie sich diese Szenen \u00fcberall gleichen und dennoch ihr kulturell eigenes Flair haben. Da wurde hier und dort noch zurechtgezupft und der Freund\/Ehemann trug die Zehenschlapferl in der Hand, falls die Hochhackigen doch zu sehr schmerzen sollten. Die Brautmutter aufgedonnert mit Hut, die diversen Freundinnen und Cousinen in teils viel zu engen Stretchkleidchen. Und alles stand und wartete auf die Braut, die in einem wei\u00dfen 7er Audi vorfuhr.<\/p>\n<p><a href=\"https:\/\/www.simonis.co.at\/wordpress\/wp-content\/uploads\/DSCF4934.jpg\"><img loading=\"lazy\" decoding=\"async\" src=\"https:\/\/www.simonis.co.at\/wordpress\/wp-content\/uploads\/DSCF4934-300x168.jpg\" alt=\"DSCF4934\" width=\"300\" height=\"168\"\/><\/a><\/p>\n<p>Danach schwangen wir uns wieder in unser Schnecki und weiter ging es nach St. Tropez. Kurz davor gaben wir auf, weil der Stau unbeschreiblich war. Sobald wie m\u00f6glich bogen wir ins Landesinnere ab und fuhren Richtung Giens.<\/p>\n<p>Hier sind wir nun gelandet und nach einer &#8211; was kann es denn anderes sein und das hier in Frankreich \u2013 Pizza, diesmal in einem XXL Format, sitzen wir hier und ich tippe die letzten Buchstaben in den Blog.<\/p>\n<p>Bis morgen, alle miteinander; Margot<\/p>\n","protected":false},"excerpt":{"rendered":"<p><a class=\"read-more\" href=\"https:\/\/www.simonis.co.at\/wordpress\/unsere-reisen\/auf-und-davon\/woche-1\/\">Read more<\/a><\/p>\n","protected":false},"author":1,"featured_media":120,"parent":125,"menu_order":0,"comment_status":"closed","ping_status":"open","template":"","meta":{"footnotes":""},"class_list":["post-328","page","type-page","status-publish","has-post-thumbnail","hentry"],"_links":{"self":[{"href":"https:\/\/www.simonis.co.at\/wordpress\/wp-json\/wp\/v2\/pages\/328","targetHints":{"allow":["GET"]}}],"collection":[{"href":"https:\/\/www.simonis.co.at\/wordpress\/wp-json\/wp\/v2\/pages"}],"about":[{"href":"https:\/\/www.simonis.co.at\/wordpress\/wp-json\/wp\/v2\/types\/page"}],"author":[{"embeddable":true,"href":"https:\/\/www.simonis.co.at\/wordpress\/wp-json\/wp\/v2\/users\/1"}],"replies":[{"embeddable":true,"href":"https:\/\/www.simonis.co.at\/wordpress\/wp-json\/wp\/v2\/comments?post=328"}],"version-history":[{"count":22,"href":"https:\/\/www.simonis.co.at\/wordpress\/wp-json\/wp\/v2\/pages\/328\/revisions"}],"predecessor-version":[{"id":7306,"href":"https:\/\/www.simonis.co.at\/wordpress\/wp-json\/wp\/v2\/pages\/328\/revisions\/7306"}],"up":[{"embeddable":true,"href":"https:\/\/www.simonis.co.at\/wordpress\/wp-json\/wp\/v2\/pages\/125"}],"wp:featuredmedia":[{"embeddable":true,"href":"https:\/\/www.simonis.co.at\/wordpress\/wp-json\/wp\/v2\/media\/120"}],"wp:attachment":[{"href":"https:\/\/www.simonis.co.at\/wordpress\/wp-json\/wp\/v2\/media?parent=328"}],"curies":[{"name":"wp","href":"https:\/\/api.w.org\/{rel}","templated":true}]}}